{"version":"1.0","provider_name":"\u00d6mer Faruk Korkmaz Hocaefendi","provider_url":"https:\/\/omerfarukkorkmaz.com.tr\/tr","title":"Sar\u0131 Veya K\u0131rm\u0131z\u0131 Elbise Giymenin H\u00fckm\u00fc - \u00d6mer Faruk Korkmaz Hocaefendi","type":"rich","width":600,"height":338,"html":"<blockquote class=\"wp-embedded-content\" data-secret=\"3Rxce8Sdkj\"><a href=\"https:\/\/omerfarukkorkmaz.com.tr\/tr\/sari-veya-kirmizi-elbise-giymenin-hukmu\/\">Sar\u0131 Veya K\u0131rm\u0131z\u0131 Elbise Giymenin H\u00fckm\u00fc<\/a><\/blockquote><iframe sandbox=\"allow-scripts\" security=\"restricted\" src=\"https:\/\/omerfarukkorkmaz.com.tr\/tr\/sari-veya-kirmizi-elbise-giymenin-hukmu\/embed\/#?secret=3Rxce8Sdkj\" width=\"600\" height=\"338\" title=\"&#8220;Sar\u0131 Veya K\u0131rm\u0131z\u0131 Elbise Giymenin H\u00fckm\u00fc&#8221; &#8212; \u00d6mer Faruk Korkmaz Hocaefendi\" data-secret=\"3Rxce8Sdkj\" frameborder=\"0\" marginwidth=\"0\" marginheight=\"0\" scrolling=\"no\" class=\"wp-embedded-content\"><\/iframe><script>\n\/*! This file is auto-generated *\/\n!function(d,l){\"use strict\";l.querySelector&&d.addEventListener&&\"undefined\"!=typeof URL&&(d.wp=d.wp||{},d.wp.receiveEmbedMessage||(d.wp.receiveEmbedMessage=function(e){var t=e.data;if((t||t.secret||t.message||t.value)&&!\/[^a-zA-Z0-9]\/.test(t.secret)){for(var s,r,n,a=l.querySelectorAll('iframe[data-secret=\"'+t.secret+'\"]'),o=l.querySelectorAll('blockquote[data-secret=\"'+t.secret+'\"]'),c=new RegExp(\"^https?:$\",\"i\"),i=0;i<o.length;i++)o[i].style.display=\"none\";for(i=0;i<a.length;i++)s=a[i],e.source===s.contentWindow&&(s.removeAttribute(\"style\"),\"height\"===t.message?(1e3<(r=parseInt(t.value,10))?r=1e3:~~r<200&&(r=200),s.height=r):\"link\"===t.message&&(r=new URL(s.getAttribute(\"src\")),n=new URL(t.value),c.test(n.protocol))&&n.host===r.host&&l.activeElement===s&&(d.top.location.href=t.value))}},d.addEventListener(\"message\",d.wp.receiveEmbedMessage,!1),l.addEventListener(\"DOMContentLoaded\",function(){for(var e,t,s=l.querySelectorAll(\"iframe.wp-embedded-content\"),r=0;r<s.length;r++)(t=(e=s[r]).getAttribute(\"data-secret\"))||(t=Math.random().toString(36).substring(2,12),e.src+=\"#?secret=\"+t,e.setAttribute(\"data-secret\",t)),e.contentWindow.postMessage({message:\"ready\",secret:t},\"*\")},!1)))}(window,document);\n\/\/# sourceURL=https:\/\/omerfarukkorkmaz.com.tr\/tr\/wp-includes\/js\/wp-embed.min.js\n<\/script>\n","thumbnail_url":"https:\/\/omerfarukkorkmaz.com.tr\/tr\/wp-content\/uploads\/2022\/01\/optimized-islamic-art-featured-e1642877752110.jpg","thumbnail_width":706,"thumbnail_height":344,"description":"Soru: Hocam k\u0131rm\u0131z\u0131 veya sar\u0131 renkli bir elbiseyi giymekte her hangi bir kerahet var m\u0131d\u0131r? Bu renklerdeki elbiselerin giyilmesinin caiz olmad\u0131\u011f\u0131n\u0131 s\u00f6yl\u00fcyorlar. Bu do\u011fru mudur? Cevap: \u0130sterseniz soruyu cevapland\u0131rmaya ilk \u00f6nce sar\u0131 elbiseden ba\u015flayal\u0131m. Konuyla ilgili aktar\u0131lan en me\u015fhur rivayet \u015fudur: Abdullah b. Amr b. As \u015f\u00f6yle demi\u015ftir: Resulullah (Sallallahu Aleyhi ve Sellem) \u00fczerimde aspurla [&hellip;]"}