{"version":"1.0","provider_name":"\u00d6mer Faruk Korkmaz Hocaefendi","provider_url":"https:\/\/omerfarukkorkmaz.com.tr\/tr","title":"Kur'\u00e2n'a Z\u0131t Olan Hangisi: Tarihsellik Mi, Evrensellik Mi? - \u00d6mer Faruk Korkmaz Hocaefendi","type":"rich","width":600,"height":338,"html":"<blockquote class=\"wp-embedded-content\" data-secret=\"GNYufT7QMX\"><a href=\"https:\/\/omerfarukkorkmaz.com.tr\/tr\/kurana-zit-olan-hangisi-tarihsellik-mi-evrensellik-mi\/\">Kur&#8217;\u00e2n&#8217;a Z\u0131t Olan Hangisi: Tarihsellik Mi, Evrensellik Mi?<\/a><\/blockquote><iframe sandbox=\"allow-scripts\" security=\"restricted\" src=\"https:\/\/omerfarukkorkmaz.com.tr\/tr\/kurana-zit-olan-hangisi-tarihsellik-mi-evrensellik-mi\/embed\/#?secret=GNYufT7QMX\" width=\"600\" height=\"338\" title=\"&#8220;Kur&#8217;\u00e2n&#8217;a Z\u0131t Olan Hangisi: Tarihsellik Mi, Evrensellik Mi?&#8221; &#8212; \u00d6mer Faruk Korkmaz Hocaefendi\" data-secret=\"GNYufT7QMX\" frameborder=\"0\" marginwidth=\"0\" marginheight=\"0\" scrolling=\"no\" class=\"wp-embedded-content\"><\/iframe><script>\n\/*! This file is auto-generated *\/\n!function(d,l){\"use strict\";l.querySelector&&d.addEventListener&&\"undefined\"!=typeof URL&&(d.wp=d.wp||{},d.wp.receiveEmbedMessage||(d.wp.receiveEmbedMessage=function(e){var t=e.data;if((t||t.secret||t.message||t.value)&&!\/[^a-zA-Z0-9]\/.test(t.secret)){for(var s,r,n,a=l.querySelectorAll('iframe[data-secret=\"'+t.secret+'\"]'),o=l.querySelectorAll('blockquote[data-secret=\"'+t.secret+'\"]'),c=new RegExp(\"^https?:$\",\"i\"),i=0;i<o.length;i++)o[i].style.display=\"none\";for(i=0;i<a.length;i++)s=a[i],e.source===s.contentWindow&&(s.removeAttribute(\"style\"),\"height\"===t.message?(1e3<(r=parseInt(t.value,10))?r=1e3:~~r<200&&(r=200),s.height=r):\"link\"===t.message&&(r=new URL(s.getAttribute(\"src\")),n=new URL(t.value),c.test(n.protocol))&&n.host===r.host&&l.activeElement===s&&(d.top.location.href=t.value))}},d.addEventListener(\"message\",d.wp.receiveEmbedMessage,!1),l.addEventListener(\"DOMContentLoaded\",function(){for(var e,t,s=l.querySelectorAll(\"iframe.wp-embedded-content\"),r=0;r<s.length;r++)(t=(e=s[r]).getAttribute(\"data-secret\"))||(t=Math.random().toString(36).substring(2,12),e.src+=\"#?secret=\"+t,e.setAttribute(\"data-secret\",t)),e.contentWindow.postMessage({message:\"ready\",secret:t},\"*\")},!1)))}(window,document);\n\/\/# sourceURL=https:\/\/omerfarukkorkmaz.com.tr\/tr\/wp-includes\/js\/wp-embed.min.js\n<\/script>\n","thumbnail_url":"https:\/\/omerfarukkorkmaz.com.tr\/tr\/wp-content\/uploads\/2020\/12\/ilahiyatci-prof-dr-mustafa-ozturk-kur-an-i-13774668_3231_o-e1607212392832.jpg","thumbnail_width":614,"thumbnail_height":336,"description":"Mustafa \u00d6zt\u00fcrk, tarihselcilik tezinin M\u00fcsl\u00fcmanlar\u0131n kahir ekseriyeti taraf\u0131ndan kabul g\u00f6rmedi\u011fini yineleyerek evrenselci yakla\u015f\u0131m\u0131n Kur\u2019an\u2019dan onay alamayaca\u011f\u0131n\u0131 iddia ediyor. As\u0131rlar boyu b\u00fct\u00fcn bir dinin yanl\u0131\u015f anla\u015f\u0131l\u0131p ya\u015fand\u0131\u011f\u0131 gibi sa\u00e7ma ve u\u00e7uk bir iddiay\u0131 da z\u0131mnen bar\u0131nd\u0131ran bu g\u00f6r\u00fc\u015f \u00d6zt\u00fcrk\u2019\u00fcn ilgili yaz\u0131s\u0131nda \u015f\u00f6yle yer almakta: \u201cM\u00fcsl\u00fcmanlar\u0131n kahir ekseriyetine g\u00f6re Kur&#8217;an t\u00fcm insanlara ve t\u00fcm zamanlara g\u00f6nderilmi\u015f bir [&hellip;]"}