{"version":"1.0","provider_name":"\u00d6mer Faruk Korkmaz Hocaefendi","provider_url":"https:\/\/omerfarukkorkmaz.com.tr\/tr","title":"\u0130mam M\u00fcslim \"\u0130ntihalci\" \u0130fadesiyle \u0130mam Buh\u00e2r\u00ee'yi mi Kastediyor? - \u00d6mer Faruk Korkmaz Hocaefendi","type":"rich","width":600,"height":338,"html":"<blockquote class=\"wp-embedded-content\" data-secret=\"tHWk5HAk7C\"><a href=\"https:\/\/omerfarukkorkmaz.com.tr\/tr\/imam-muslim-intihalci-ifadesiyle-imam-buhariyi-mi-kastediyor\/\">\u0130mam M\u00fcslim &#8220;\u0130ntihalci&#8221; \u0130fadesiyle \u0130mam Buh\u00e2r\u00ee&#8217;yi mi Kastediyor?<\/a><\/blockquote><iframe sandbox=\"allow-scripts\" security=\"restricted\" src=\"https:\/\/omerfarukkorkmaz.com.tr\/tr\/imam-muslim-intihalci-ifadesiyle-imam-buhariyi-mi-kastediyor\/embed\/#?secret=tHWk5HAk7C\" width=\"600\" height=\"338\" title=\"&#8220;\u0130mam M\u00fcslim &#8220;\u0130ntihalci&#8221; \u0130fadesiyle \u0130mam Buh\u00e2r\u00ee&#8217;yi mi Kastediyor?&#8221; &#8212; \u00d6mer Faruk Korkmaz Hocaefendi\" data-secret=\"tHWk5HAk7C\" frameborder=\"0\" marginwidth=\"0\" marginheight=\"0\" scrolling=\"no\" class=\"wp-embedded-content\"><\/iframe><script>\n\/*! This file is auto-generated *\/\n!function(d,l){\"use strict\";l.querySelector&&d.addEventListener&&\"undefined\"!=typeof URL&&(d.wp=d.wp||{},d.wp.receiveEmbedMessage||(d.wp.receiveEmbedMessage=function(e){var t=e.data;if((t||t.secret||t.message||t.value)&&!\/[^a-zA-Z0-9]\/.test(t.secret)){for(var s,r,n,a=l.querySelectorAll('iframe[data-secret=\"'+t.secret+'\"]'),o=l.querySelectorAll('blockquote[data-secret=\"'+t.secret+'\"]'),c=new RegExp(\"^https?:$\",\"i\"),i=0;i<o.length;i++)o[i].style.display=\"none\";for(i=0;i<a.length;i++)s=a[i],e.source===s.contentWindow&&(s.removeAttribute(\"style\"),\"height\"===t.message?(1e3<(r=parseInt(t.value,10))?r=1e3:~~r<200&&(r=200),s.height=r):\"link\"===t.message&&(r=new URL(s.getAttribute(\"src\")),n=new URL(t.value),c.test(n.protocol))&&n.host===r.host&&l.activeElement===s&&(d.top.location.href=t.value))}},d.addEventListener(\"message\",d.wp.receiveEmbedMessage,!1),l.addEventListener(\"DOMContentLoaded\",function(){for(var e,t,s=l.querySelectorAll(\"iframe.wp-embedded-content\"),r=0;r<s.length;r++)(t=(e=s[r]).getAttribute(\"data-secret\"))||(t=Math.random().toString(36).substring(2,12),e.src+=\"#?secret=\"+t,e.setAttribute(\"data-secret\",t)),e.contentWindow.postMessage({message:\"ready\",secret:t},\"*\")},!1)))}(window,document);\n\/\/# sourceURL=https:\/\/omerfarukkorkmaz.com.tr\/tr\/wp-includes\/js\/wp-embed.min.js\n<\/script>\n","thumbnail_url":"https:\/\/omerfarukkorkmaz.com.tr\/tr\/wp-content\/uploads\/2020\/06\/islamic-art-e1591541025832.jpg","thumbnail_width":1896,"thumbnail_height":931,"description":"Soru:\u00a0 Medresede M\u00fcslim okuyoruz. Mukaddime\u2019de ge\u00e7en \u201cB\u2019azu M\u00fcntahili\u2019l-Had\u00ees\/ Baz\u0131 hadis intihalcileri\u201d ifadesini anlayamad\u0131k. Bu ifade ile \u0130mam\u0131 M\u00fcslim sanki hocas\u0131 Buhar\u00ee\u2019yi ele\u015ftiriyor sanki. Hocam\u0131z \u0130mam Buhari\u2019yi ele\u015ftirmiyor deyip ge\u00e7ti. Biz de birka\u00e7 \u015ferhe bakt\u0131k ama ikna edici bir \u015feyler bulamad\u0131k. Bu konuyla ilgili yeterli malumat bulmak m\u00fcmk\u00fcn m\u00fc hocam?\u00a0\u00a0\u00a0 \u00a0\u00a0 Cevap:\u00a0 \u00d6ncelikle konuyu tavzihle ba\u015flayal\u0131m [&hellip;]"}