{"version":"1.0","provider_name":"\u00d6mer Faruk Korkmaz Hocaefendi","provider_url":"https:\/\/omerfarukkorkmaz.com.tr\/tr","title":"Anne-Baban\u0131n Nafakas\u0131nda K\u0131z- Erkek E\u015fitli\u011fi - \u00d6mer Faruk Korkmaz Hocaefendi","type":"rich","width":600,"height":338,"html":"<blockquote class=\"wp-embedded-content\" data-secret=\"GkoI0XAWmC\"><a href=\"https:\/\/omerfarukkorkmaz.com.tr\/tr\/anne-babanin-nafakasinda-kiz-erkek-esitligi\/\">Anne-Baban\u0131n Nafakas\u0131nda K\u0131z- Erkek E\u015fitli\u011fi<\/a><\/blockquote><iframe sandbox=\"allow-scripts\" security=\"restricted\" src=\"https:\/\/omerfarukkorkmaz.com.tr\/tr\/anne-babanin-nafakasinda-kiz-erkek-esitligi\/embed\/#?secret=GkoI0XAWmC\" width=\"600\" height=\"338\" title=\"&#8220;Anne-Baban\u0131n Nafakas\u0131nda K\u0131z- Erkek E\u015fitli\u011fi&#8221; &#8212; \u00d6mer Faruk Korkmaz Hocaefendi\" data-secret=\"GkoI0XAWmC\" frameborder=\"0\" marginwidth=\"0\" marginheight=\"0\" scrolling=\"no\" class=\"wp-embedded-content\"><\/iframe><script>\n\/*! This file is auto-generated *\/\n!function(d,l){\"use strict\";l.querySelector&&d.addEventListener&&\"undefined\"!=typeof URL&&(d.wp=d.wp||{},d.wp.receiveEmbedMessage||(d.wp.receiveEmbedMessage=function(e){var t=e.data;if((t||t.secret||t.message||t.value)&&!\/[^a-zA-Z0-9]\/.test(t.secret)){for(var s,r,n,a=l.querySelectorAll('iframe[data-secret=\"'+t.secret+'\"]'),o=l.querySelectorAll('blockquote[data-secret=\"'+t.secret+'\"]'),c=new RegExp(\"^https?:$\",\"i\"),i=0;i<o.length;i++)o[i].style.display=\"none\";for(i=0;i<a.length;i++)s=a[i],e.source===s.contentWindow&&(s.removeAttribute(\"style\"),\"height\"===t.message?(1e3<(r=parseInt(t.value,10))?r=1e3:~~r<200&&(r=200),s.height=r):\"link\"===t.message&&(r=new URL(s.getAttribute(\"src\")),n=new URL(t.value),c.test(n.protocol))&&n.host===r.host&&l.activeElement===s&&(d.top.location.href=t.value))}},d.addEventListener(\"message\",d.wp.receiveEmbedMessage,!1),l.addEventListener(\"DOMContentLoaded\",function(){for(var e,t,s=l.querySelectorAll(\"iframe.wp-embedded-content\"),r=0;r<s.length;r++)(t=(e=s[r]).getAttribute(\"data-secret\"))||(t=Math.random().toString(36).substring(2,12),e.src+=\"#?secret=\"+t,e.setAttribute(\"data-secret\",t)),e.contentWindow.postMessage({message:\"ready\",secret:t},\"*\")},!1)))}(window,document);\n\/\/# sourceURL=https:\/\/omerfarukkorkmaz.com.tr\/tr\/wp-includes\/js\/wp-embed.min.js\n<\/script>\n","thumbnail_url":"https:\/\/omerfarukkorkmaz.com.tr\/tr\/wp-content\/uploads\/2022\/01\/35fd4ab7f259f21319f8298b3452c0a4-e1643392651778.jpg","thumbnail_width":390,"thumbnail_height":201,"description":"Soru: Anne veya babaya bakmak, onlar\u0131n mai\u015fetini ve bir tak\u0131m ihtiya\u00e7lar\u0131n\u0131 kar\u015f\u0131lamak \u015feklindeki vazife M\u00fcsl\u00fcman ad\u0131na bir sorumluluk mudur? \u015eayet sorumluluksa bu y\u00fck\u00fcml\u00fcl\u00fckle mesul olan ki\u015filer kimlerdir? Ve bu hususta kad\u0131n erkek ayr\u0131m\u0131 var m\u0131d\u0131r? Cevap: \u0130slamiyet ya\u015fam\u0131\u015f oldu\u011fumuz d\u00fcnya\u2019da hayat\u0131n belli bir d\u00fczen i\u00e7erisinde devam edebilmesi ve bir k\u0131s\u0131m insanlar\u0131n hayatlar\u0131n\u0131 idame edip s\u00fcrd\u00fcrebilmeleri [&hellip;]"}